{"id":11304,"date":"2024-10-28T11:12:20","date_gmt":"2024-10-28T10:12:20","guid":{"rendered":"https:\/\/www.neancheglidei.com\/workshop\/tumeurs\/"},"modified":"2024-10-28T11:12:20","modified_gmt":"2024-10-28T10:12:20","slug":"tumeurs","status":"publish","type":"workshop","link":"https:\/\/www.neancheglidei.com\/fr\/workshop\/tumeurs\/","title":{"rendered":"Tumeurs"},"content":{"rendered":"<h3>Extrait du livre du Prof. Gaetano Fichera \u00ab\u00a0Sui fattori interni nello sviluppo dei Tumori e gli odierni saggi di Terapia Biologica\u00a0\u00bb \u2013 \u00c9ditions Hoepli, 1938.<\/h3>\n<h4>Domenica 24 novembre 2024 &#8211; Exm\u00e0 (Sala Biblioteca) \u2013 Cagliari<\/h4>\n<h4>De 10h \u00e0 13h et de 15h \u00e0 19h<\/h4>\n<p><strong>Frais de participation: 20,00 euros <\/strong><\/p>\n<p class=\"nessuna\">En collaboration avec Orientare srl, le Centre municipal ExM\u00e0 et la Commune de Cagliari.<\/p>\n<p class=\"nessuna\">Il existe des livres introuvables et pr\u00e9cieux que certains chercheurs red\u00e9couvrent entre des \u00e9tag\u00e8res poussi\u00e9reuses, oubli\u00e9es, cach\u00e9es. Parfois, ces livres nous transmettent des informations importantes, issues d\u2019\u00e9tudes qui, pour diverses raisons, ne doivent pas faire partie du patrimoine de connaissances contemporaines de l\u2019homme. <\/p>\n<p class=\"nessuna\">D\u00e9classifi\u00e9 en 2019 par le Groupe d\u2019\u00c9tude National et r\u00e9examin\u00e9 \u00e0 la lumi\u00e8re des connaissances scientifiques actuelles, le texte fournit des lignes directrices tr\u00e8s pr\u00e9cises pour la pr\u00e9vention de l\u2019apparition des tumeurs, y compris en cas de m\u00e9tastases. Gr\u00e2ce aux th\u00e9rapies biologiques nutritionnelles, l\u2019Institut Italien des Tumeurs a fait r\u00e9gresser jusqu\u2019\u00e0 gu\u00e9rison compl\u00e8te 1300 cas de tumeurs inop\u00e9rables en m\u00e9tastases. <\/p>\n<p class=\"nessuna\">La pr\u00e9sentation des contenus du texte, appliqu\u00e9s, sera conduite par le <strong>Dr Alessandro Govoni<\/strong> lors d\u2019une conf\u00e9rence\/atelier qui fournira aux participants les \u00e9l\u00e9ments fondamentaux pour comprendre les m\u00e9canismes \u00e0 l\u2019origine des tumeurs et les diff\u00e9rentes typologies d\u2019actions identifi\u00e9es par le Prof. Fichera pour leur r\u00e9gression, ainsi que les causes sociopolitiques ayant entra\u00een\u00e9 leur classification secr\u00e8te.<\/p>\n<h3>Le s\u00e9minaire est divis\u00e9 en 7 modules:<\/h3>\n<ol>\n<li><strong>Histoire des \u00e9tudes de l\u2019Institut Italien des Tumeurs: comment elles ont \u00e9t\u00e9 classifi\u00e9es secr\u00e8tes et comment elles sont parvenues \u00e0 \u00eatre connues<\/strong><br \/>\nLes \u00e9tudes de l\u2019Institut Italien des Tumeurs des ann\u00e9es 1930 sur la r\u00e9gression compl\u00e8te de tumeurs d\u00e9j\u00e0 en m\u00e9tastases gr\u00e2ce \u00e0 la th\u00e9rapie biologique-nutritionnelle ont \u00e9t\u00e9 class\u00e9es secr\u00e8tes avec copyright en 1944 par la police scientifique priv\u00e9e allemande (Gestapo), car elles ne g\u00e9n\u00e9raient pas de profits.<\/li>\n<li><strong>Analyse des \u00e9tudes de William Honoratio Bates,<\/strong> m\u00e9decin ophtalmologiste juif, sur la vue sans lunettes<\/li>\n<li><strong>Analyse des \u00e9tudes de L\u00e9onard <\/strong>sur les herbes b\u00e9n\u00e9fiques, sur les massages des nerfs faciaux pour vaincre la force de la gravit\u00e9, et sur les soins de la peau visant \u00e0 maintenir la beaut\u00e9 de B\u00e9atrice d\u2019Este<\/li>\n<li><strong>Vitamines, compl\u00e9ments min\u00e9raux et om\u00e9ga 3<\/strong><br \/>\nQuelles sont les bonnes vitamines, les deux vitamines indispensables et irrempla\u00e7ables contre l\u2019atrophie cutan\u00e9e, le min\u00e9ral, l\u2019acide amin\u00e9 et la vitamine n\u00e9cessaires pour foncer les cheveux, quels sont les bons compl\u00e9ments min\u00e9raux, les deux acides amin\u00e9s indispensables et irrempla\u00e7ables pour l\u2019\u00eatre humain, et quels sont les bons om\u00e9ga 3 (acides gras).<\/li>\n<li><strong>Le pansement en cours de d\u00e9veloppement qui surmonte la r\u00e9sistance du s\u00e9bum et r\u00e9g\u00e9n\u00e8re la peau en profondeur<\/strong>, issu des \u00e9tudes de L\u00e9onard puis appliqu\u00e9 par les Russes sur les br\u00fbl\u00e9s des radiations de Tchernobyl.<\/li>\n<li><strong>Exercices physiques anti-inflammatoires<\/strong> du pr\u00e9parateur physique du Parma Calcio, vainqueur en Europe en 1993-1995, et de l\u2019\u00e9quipe nationale italienne de football, arriv\u00e9e deuxi\u00e8me \u00e0 la Coupe du Monde 1994.<\/li>\n<li><strong>La vaccination \u00e0 ARNm<\/strong>, d\u00e9j\u00e0 connue dans les ann\u00e9es 1930, et comment ses effets n\u00e9gatifs ont \u00e9t\u00e9 \u00e9limin\u00e9s<\/li>\n<\/ol>\n<h3>Biographie du Prof. Gaetano Fichera<\/h3>\n<p class=\"nessuna\">Il obtient son dipl\u00f4me en m\u00e9decine et chirurgie \u00e0 la Sapienza de Rome en 1903. Il occupa \u00e0 Cagliari la chaire de pathologie chirurgicale jusqu\u2019en 1921, avant de se transf\u00e9rer \u00e0 Messine puis \u00e0 l\u2019Universit\u00e9 de Pavie. En 1928, il prend la direction \u00e0 Milan de l\u2019Institut national \u00ab\u00a0Vittorio Emanuele III\u00a0\u00bb pour l\u2019\u00e9tude et le traitement du cancer. Il \u00e9labora une th\u00e9orie pathog\u00e9n\u00e9tique personnelle des tumeurs en \u00e9tablissant les principes d\u2019une th\u00e9rapie de type biologique, qu\u2019il d\u00e9finissait comme \u00ab\u00a0chimioth\u00e9rapie histog\u00e8ne des tumeurs\u00a0\u00bb. De nombreux travaux cliniques et exp\u00e9rimentaux sur l\u2019\u00e9tiopathog\u00e9nie des tumeurs lui ont valu d\u2019importantes reconnaissances, dont la m\u00e9daille d\u2019or de la Soci\u00e9t\u00e9 italienne des sciences. Il fut membre correspondant de l\u2019Acad\u00e9mie m\u00e9dicale de Rome; de la Soci\u00e9t\u00e9 Lancisiana des h\u00f4pitaux de Rome; de l\u2019Association des amateurs de sciences m\u00e9dicales et naturelles; vice-pr\u00e9sident en 1909 de la Soci\u00e9t\u00e9 italienne de chirurgie; secr\u00e9taire au Congr\u00e8s de 1906; rapporteur de l\u2019assembl\u00e9e de 1909; membre de la Soci\u00e9t\u00e9 italienne de pathologie; de la Soci\u00e9t\u00e9 italienne pour le progr\u00e8s des sciences; de la Soci\u00e9t\u00e9 d\u2019orthop\u00e9die; de la Deutsche Gesellschaft f\u00fcr Chirurgie; de la Internationale Nomen Klatur Kommission des Krebses.     <\/p>\n<p class=\"nessuna\">En Sardaigne, le professeur Fichera est particuli\u00e8rement rappel\u00e9 pour avoir fond\u00e9 et entra\u00een\u00e9, \u00e0 partir de 1920, l\u2019\u00e9quipe de football Cagliari Football Club avec les membres fondateurs Antonio Colomo, Guido Costa, Manlio Cottiglia, Francesco Falqui, Giacomo Fiorentino, Natale Illario, Enrico Nonnoi, Carlo Papi, Giacomo Puddu et Antonino Zedda. Dans la premi\u00e8re formation du Cagliari Calcio, il aligna de nombreux \u00e9tudiants universitaires de la Facult\u00e9 de m\u00e9decine et de chirurgie de Cagliari, et les maillots port\u00e9s par les joueurs \u00e9taient blancs, en r\u00e9f\u00e9rence \u00e0 la couleur des blouses hospitali\u00e8res. <\/p>\n<form action=\"https:\/\/www.paypal.com\/cgi-bin\/webscr\" method=\"post\" target=\"_top\"><input name=\"cmd\" type=\"hidden\" value=\"_s-xclick\"><br \/>\n<input name=\"hosted_button_id\" type=\"hidden\" value=\"G9BRCLZF5ZM8S\"><br \/>\n<input name=\"currency_code\" type=\"hidden\" value=\"EUR\"><\/form>\n","protected":false},"featured_media":11305,"template":"","meta":{"_acf_changed":false},"tags":[276],"edizione":[256],"class_list":["post-11304","workshop","type-workshop","status-publish","has-post-thumbnail","hentry","tag-workshop-2024","edizione-256"],"acf":[],"_links":{"self":[{"href":"https:\/\/www.neancheglidei.com\/fr\/wp-json\/wp\/v2\/workshop\/11304","targetHints":{"allow":["GET"]}}],"collection":[{"href":"https:\/\/www.neancheglidei.com\/fr\/wp-json\/wp\/v2\/workshop"}],"about":[{"href":"https:\/\/www.neancheglidei.com\/fr\/wp-json\/wp\/v2\/types\/workshop"}],"version-history":[{"count":0,"href":"https:\/\/www.neancheglidei.com\/fr\/wp-json\/wp\/v2\/workshop\/11304\/revisions"}],"wp:featuredmedia":[{"embeddable":true,"href":"https:\/\/www.neancheglidei.com\/fr\/wp-json\/wp\/v2\/media\/11305"}],"wp:attachment":[{"href":"https:\/\/www.neancheglidei.com\/fr\/wp-json\/wp\/v2\/media?parent=11304"}],"wp:term":[{"taxonomy":"post_tag","embeddable":true,"href":"https:\/\/www.neancheglidei.com\/fr\/wp-json\/wp\/v2\/tags?post=11304"},{"taxonomy":"edizione","embeddable":true,"href":"https:\/\/www.neancheglidei.com\/fr\/wp-json\/wp\/v2\/edizione?post=11304"}],"curies":[{"name":"wp","href":"https:\/\/api.w.org\/{rel}","templated":true}]}}