{"id":11396,"date":"2025-01-24T08:56:07","date_gmt":"2025-01-24T07:56:07","guid":{"rendered":"https:\/\/www.neancheglidei.com\/ospite\/andrea-murgia\/"},"modified":"2025-01-24T08:56:07","modified_gmt":"2025-01-24T07:56:07","slug":"andrea-murgia","status":"publish","type":"ospite","link":"https:\/\/www.neancheglidei.com\/fr\/ospite\/andrea-murgia\/","title":{"rendered":"Andrea Murgia"},"content":{"rendered":"<p>N\u00e9 \u00e0 Carbonia en 1983. Il commence \u00e0 s\u2019int\u00e9resser \u00e0 la musique \u00ab\u00a0\u00e9crite\u00a0\u00bb \u00e0 dix-neuf ans, lorsqu\u2019avec un petit groupe de peones fauch\u00e9s, il cr\u00e9e la r\u00e9daction de \u00ab\u00a0Il Cavo\u00a0\u00bb. Il \u00e9crit six critiques et, apr\u00e8s deux num\u00e9ros z\u00e9ro, le journal ferme. Des signes \u00e9vidents qu\u2019il ignore \u00e0 juste titre; galvanis\u00e9 par la perspective de devenir riche en \u00e9crivant sur la musique, il d\u00e9cide de transformer cette passion en profession. Il s\u2019inscrit au DAMS de Bologne, o\u00f9 il a la possibilit\u00e9 d\u2019\u00e9tudier avec des figures majeures telles que Giampiero Cane et Piero Pieri, et obtient une licence en Musicologie et Organisation Musicale avec une th\u00e8se en \u00c9conomie du Spectacle intitul\u00e9e \u00ab\u00a0Organizzare Eventi Musicali in Sardegna: l\u2019esempio del Sant\u2019Anna Arresi Jazz\u00a0\u00bb. Depuis 2006, il travaille au festival \u00ab\u00a0Ai Confini Tra Sardegna e Jazz\u00a0\u00bb en tant que responsable technique, o\u00f9 il entre en contact avec les avant-gardes free de Chicago, le radicalisme de l\u2019\u00e9cole de New York et la brutalit\u00e9 de l\u2019\u00e9cole nord-europ\u00e9enne. Il continue par ailleurs \u00e0 \u00e9crire pour diverses plateformes en ligne: Sentireascoltare, Onda Rock, Rockerilla, All About Jazz (USA), Giornale della Musica, Breakfast Jumpers, MUMBLE:, Toylet Mag. Depuis 2018, il collabore avec Battiti.<\/p>\n","protected":false},"featured_media":11397,"template":"","meta":{"_acf_changed":false},"tags":[274],"edizione":[273],"intervento":[257],"class_list":["post-11396","ospite","type-ospite","status-publish","has-post-thumbnail","hentry","tag-ospite-2021","edizione-273","intervento-evenement"],"acf":[],"_links":{"self":[{"href":"https:\/\/www.neancheglidei.com\/fr\/wp-json\/wp\/v2\/ospite\/11396","targetHints":{"allow":["GET"]}}],"collection":[{"href":"https:\/\/www.neancheglidei.com\/fr\/wp-json\/wp\/v2\/ospite"}],"about":[{"href":"https:\/\/www.neancheglidei.com\/fr\/wp-json\/wp\/v2\/types\/ospite"}],"version-history":[{"count":0,"href":"https:\/\/www.neancheglidei.com\/fr\/wp-json\/wp\/v2\/ospite\/11396\/revisions"}],"wp:featuredmedia":[{"embeddable":true,"href":"https:\/\/www.neancheglidei.com\/fr\/wp-json\/wp\/v2\/media\/11397"}],"wp:attachment":[{"href":"https:\/\/www.neancheglidei.com\/fr\/wp-json\/wp\/v2\/media?parent=11396"}],"wp:term":[{"taxonomy":"post_tag","embeddable":true,"href":"https:\/\/www.neancheglidei.com\/fr\/wp-json\/wp\/v2\/tags?post=11396"},{"taxonomy":"edizione","embeddable":true,"href":"https:\/\/www.neancheglidei.com\/fr\/wp-json\/wp\/v2\/edizione?post=11396"},{"taxonomy":"intervento","embeddable":true,"href":"https:\/\/www.neancheglidei.com\/fr\/wp-json\/wp\/v2\/intervento?post=11396"}],"curies":[{"name":"wp","href":"https:\/\/api.w.org\/{rel}","templated":true}]}}