{"id":11499,"date":"2025-03-27T11:17:39","date_gmt":"2025-03-27T10:17:39","guid":{"rendered":"https:\/\/www.neancheglidei.com\/evento\/il-destino-dellamore-2\/"},"modified":"2025-03-27T11:17:39","modified_gmt":"2025-03-27T10:17:39","slug":"il-destino-dellamore-2","status":"publish","type":"evento","link":"https:\/\/www.neancheglidei.com\/fr\/evento\/il-destino-dellamore-2\/","title":{"rendered":"Il destino dell&rsquo;amore"},"content":{"rendered":"<p>\u00ab\u00a0Il destino dell&rsquo;amore\u00a0\u00bb (Le Lune, 2020): Antonella est une jeune manager sarde qui travaille \u00e0 Milan dans le secteur des ventes d\u2019une multinationale. Un soir, \u00e0 l\u2019occasion de son anniversaire, elle sort pour c\u00e9l\u00e9brer et se r\u00e9veille \u00e0 l\u2019h\u00f4pital apr\u00e8s quarante-cinq jours. Antonella, comme toute personne inconsciente, poursuit un destin qui ne lui appartient pas. Sa vie apparemment si gratifiante semble lui avoir donn\u00e9 tout ce qu\u2019elle pouvait d\u00e9sirer. Mais cette vie n\u2019est pas son destin et, encore inconsciente, elle pers\u00e9v\u00e8re gr\u00e2ce \u00e0 sa force de volont\u00e9.<br \/>\nSeul le coma, survenu soudainement, l\u2019arr\u00eate. Lorsqu\u2019elle se r\u00e9veille, elle n\u2019a plus de souvenirs. La convalescence est difficile, elle ne reconna\u00eet plus ses amies ni ses coll\u00e8gues, et ne ressent plus d\u2019\u00e9motions. Ce qui appara\u00eet comme une nouvelle d\u00e9faite se transforme en une \u00e9nergie positive, lui permettant de devenir pleinement ma\u00eetresse de sa vie et de comprendre la v\u00e9ritable voie de son destin.   <\/p>\n<p>&nbsp;<\/p>\n<p>En 2021, Antonella Gregorio a pr\u00e9sent\u00e9 au festival \u00ab\u00a0Il destino dell\u2019amore\u00a0\u00bb (Le Lune, 2020), ses d\u00e9buts litt\u00e9raires autobiographiques n\u00e9s de son exp\u00e9rience de \u00ab\u00a0renaissance\u00a0\u00bb apr\u00e8s son r\u00e9veil d\u2019un \u00e9tat de coma.<br \/>Une conversation avec Luca Fiscariello (lui aussi fra\u00eechement auteur de ses d\u00e9buts avec le roman \u00ab\u00a0I sogni dei bambini sono gratis\u00a0\u00bb, publi\u00e9 en f\u00e9vrier 2021), ponctu\u00e9e par la lecture de passages du livre d\u2019Antonella Gregorio qu\u2019il avait lui-m\u00eame s\u00e9lectionn\u00e9s et confi\u00e9s \u00e0 l\u2019interpr\u00e9tation de Rita Atzeri.<\/p>\n","protected":false},"featured_media":7589,"template":"","meta":{"_acf_changed":false},"tags":[296],"edizione":[273],"giorno":[298],"class_list":["post-11499","evento","type-evento","status-publish","has-post-thumbnail","hentry","tag-evento-2021","edizione-273","giorno-298"],"acf":[],"_links":{"self":[{"href":"https:\/\/www.neancheglidei.com\/fr\/wp-json\/wp\/v2\/evento\/11499","targetHints":{"allow":["GET"]}}],"collection":[{"href":"https:\/\/www.neancheglidei.com\/fr\/wp-json\/wp\/v2\/evento"}],"about":[{"href":"https:\/\/www.neancheglidei.com\/fr\/wp-json\/wp\/v2\/types\/evento"}],"version-history":[{"count":0,"href":"https:\/\/www.neancheglidei.com\/fr\/wp-json\/wp\/v2\/evento\/11499\/revisions"}],"wp:featuredmedia":[{"embeddable":true,"href":"https:\/\/www.neancheglidei.com\/fr\/wp-json\/wp\/v2\/media\/7589"}],"wp:attachment":[{"href":"https:\/\/www.neancheglidei.com\/fr\/wp-json\/wp\/v2\/media?parent=11499"}],"wp:term":[{"taxonomy":"post_tag","embeddable":true,"href":"https:\/\/www.neancheglidei.com\/fr\/wp-json\/wp\/v2\/tags?post=11499"},{"taxonomy":"edizione","embeddable":true,"href":"https:\/\/www.neancheglidei.com\/fr\/wp-json\/wp\/v2\/edizione?post=11499"},{"taxonomy":"giorno","embeddable":true,"href":"https:\/\/www.neancheglidei.com\/fr\/wp-json\/wp\/v2\/giorno?post=11499"}],"curies":[{"name":"wp","href":"https:\/\/api.w.org\/{rel}","templated":true}]}}