{"id":11490,"date":"2025-03-27T12:13:15","date_gmt":"2025-03-27T11:13:15","guid":{"rendered":"https:\/\/www.neancheglidei.com\/evento\/jukebox-al-carbone\/"},"modified":"2025-03-27T12:13:15","modified_gmt":"2025-03-27T11:13:15","slug":"jukebox-al-carbone","status":"publish","type":"evento","link":"https:\/\/www.neancheglidei.com\/fr\/evento\/jukebox-al-carbone\/","title":{"rendered":"Jukebox al Carbone"},"content":{"rendered":"<p>Andrea Murgia et Francesco Peddoni signent respectivement le sc\u00e9nario et les textes de \u00ab\u00a0Jukebox al Carbone\u00a0\u00bb, le documentaire de 2019 (r\u00e9alis\u00e9 par Daniele Arca) qui raconte la sc\u00e8ne musicale de Carbonia, n\u00e9e du passage des mines aux usines dans le Sulcis des ann\u00e9es soixante. Un changement qui insuffla un nouvel \u00e9lan \u00e0 la ville, laquelle conna\u00eetra autour du nouveau p\u00f4le industriel un d\u00e9veloppement \u00e9conomique. Des g\u00e9n\u00e9rations de jeunes commencent \u00e0 sortir et \u00e0 se divertir, des clubs et des lieux de rencontre apparaissent. En toile de fond de leurs vies, la musique rock venue de loin commence \u00e0 \u00eatre jou\u00e9e dans les caves de la ville, puis s\u2019exporte sur les sc\u00e8nes, lors des f\u00eates et dans les premi\u00e8res radios libres. Pr\u00e9sent\u00e9 au festival, \u00ab\u00a0Jukebox al Carbone\u00a0\u00bb raconte cette r\u00e9volution jeunesse et le contexte qui l\u2019a produite, accompagnant au moins deux g\u00e9n\u00e9rations jusqu\u2019au nouveau mill\u00e9naire.<\/p>\n","protected":false},"featured_media":7634,"template":"","meta":{"_acf_changed":false},"tags":[296],"edizione":[273],"giorno":[283],"class_list":["post-11490","evento","type-evento","status-publish","has-post-thumbnail","hentry","tag-evento-2021","edizione-273","giorno-283"],"acf":[],"_links":{"self":[{"href":"https:\/\/www.neancheglidei.com\/fr\/wp-json\/wp\/v2\/evento\/11490","targetHints":{"allow":["GET"]}}],"collection":[{"href":"https:\/\/www.neancheglidei.com\/fr\/wp-json\/wp\/v2\/evento"}],"about":[{"href":"https:\/\/www.neancheglidei.com\/fr\/wp-json\/wp\/v2\/types\/evento"}],"version-history":[{"count":0,"href":"https:\/\/www.neancheglidei.com\/fr\/wp-json\/wp\/v2\/evento\/11490\/revisions"}],"wp:featuredmedia":[{"embeddable":true,"href":"https:\/\/www.neancheglidei.com\/fr\/wp-json\/wp\/v2\/media\/7634"}],"wp:attachment":[{"href":"https:\/\/www.neancheglidei.com\/fr\/wp-json\/wp\/v2\/media?parent=11490"}],"wp:term":[{"taxonomy":"post_tag","embeddable":true,"href":"https:\/\/www.neancheglidei.com\/fr\/wp-json\/wp\/v2\/tags?post=11490"},{"taxonomy":"edizione","embeddable":true,"href":"https:\/\/www.neancheglidei.com\/fr\/wp-json\/wp\/v2\/edizione?post=11490"},{"taxonomy":"giorno","embeddable":true,"href":"https:\/\/www.neancheglidei.com\/fr\/wp-json\/wp\/v2\/giorno?post=11490"}],"curies":[{"name":"wp","href":"https:\/\/api.w.org\/{rel}","templated":true}]}}