{"id":11487,"date":"2025-03-27T12:20:05","date_gmt":"2025-03-27T11:20:05","guid":{"rendered":"https:\/\/www.neancheglidei.com\/evento\/lisola-dei-dischi\/"},"modified":"2025-03-27T12:20:05","modified_gmt":"2025-03-27T11:20:05","slug":"lisola-dei-dischi","status":"publish","type":"evento","link":"https:\/\/www.neancheglidei.com\/fr\/evento\/lisola-dei-dischi\/","title":{"rendered":"L&rsquo;isola dei dischi"},"content":{"rendered":"<p>Il s\u2019agit d\u2019un \u00ab\u00a0Voyage \u00e0 travers la production discographique en Sardaigne\u00a0\u00bb, comme l\u2019indique le sous-titre, et qui, comme l\u2019\u00e9crit Giacomo Serreli, auteur de l\u2019introduction, \u00ab\u00a0offre un outil utile \u00e0 ceux qui souhaiteraient s\u2019aventurer dans une navigation \u00e0 grande \u00e9chelle sur la mer de la musique produite en Sardaigne; en mettant entre leurs mains une boussole pr\u00e9cise pour s\u2019orienter \u00e9galement vers l\u2019univers magmatique qui \u00e9chappe aux phras\u00e9s et constructions musicales fid\u00e8les \u00e0 la tradition la plus pure. Car c\u2019est l\u00e0 l\u2019enseignement que nous transmet cette archivage minutieux: m\u00eame en pr\u00e9sence d\u2019un patrimoine ethnomusical unique et irrempla\u00e7able, cette r\u00e9gion montre maturit\u00e9 et cr\u00e9ativit\u00e9, m\u00eame dans des domaines d\u2019expression tr\u00e8s \u00e9loign\u00e9s de ces \u00ab\u00a0racines\u00a0\u00bb\u00a0\u00bb.<\/p>\n","protected":false},"featured_media":7644,"template":"","meta":{"_acf_changed":false},"tags":[296],"edizione":[273],"giorno":[283],"class_list":["post-11487","evento","type-evento","status-publish","has-post-thumbnail","hentry","tag-evento-2021","edizione-273","giorno-283"],"acf":[],"_links":{"self":[{"href":"https:\/\/www.neancheglidei.com\/fr\/wp-json\/wp\/v2\/evento\/11487","targetHints":{"allow":["GET"]}}],"collection":[{"href":"https:\/\/www.neancheglidei.com\/fr\/wp-json\/wp\/v2\/evento"}],"about":[{"href":"https:\/\/www.neancheglidei.com\/fr\/wp-json\/wp\/v2\/types\/evento"}],"version-history":[{"count":0,"href":"https:\/\/www.neancheglidei.com\/fr\/wp-json\/wp\/v2\/evento\/11487\/revisions"}],"wp:featuredmedia":[{"embeddable":true,"href":"https:\/\/www.neancheglidei.com\/fr\/wp-json\/wp\/v2\/media\/7644"}],"wp:attachment":[{"href":"https:\/\/www.neancheglidei.com\/fr\/wp-json\/wp\/v2\/media?parent=11487"}],"wp:term":[{"taxonomy":"post_tag","embeddable":true,"href":"https:\/\/www.neancheglidei.com\/fr\/wp-json\/wp\/v2\/tags?post=11487"},{"taxonomy":"edizione","embeddable":true,"href":"https:\/\/www.neancheglidei.com\/fr\/wp-json\/wp\/v2\/edizione?post=11487"},{"taxonomy":"giorno","embeddable":true,"href":"https:\/\/www.neancheglidei.com\/fr\/wp-json\/wp\/v2\/giorno?post=11487"}],"curies":[{"name":"wp","href":"https:\/\/api.w.org\/{rel}","templated":true}]}}