{"id":11443,"date":"2025-03-13T11:50:04","date_gmt":"2025-03-13T10:50:04","guid":{"rendered":"https:\/\/www.neancheglidei.com\/evento\/codice-ratzinger\/"},"modified":"2025-03-13T11:50:04","modified_gmt":"2025-03-13T10:50:04","slug":"codice-ratzinger","status":"publish","type":"evento","link":"https:\/\/www.neancheglidei.com\/fr\/evento\/codice-ratzinger\/","title":{"rendered":"Codice Ratzinger"},"content":{"rendered":"<p>\u00ab\u00a0Le pape n\u2019est qu\u2019un\u00a0\u00bb: voil\u00e0 ce que le pape Beno\u00eet XVI a r\u00e9p\u00e9t\u00e9 pendant neuf ans. Il \u00e9tait lui-m\u00eame, car il n\u2019a jamais \u00e9t\u00e9 un pape abdicateur, mais confin\u00e9 en \u00ab\u00a0si\u00e8ge totalement emp\u00each\u00e9\u00a0\u00bb. Dans la Declaratio par laquelle il se \u00ab\u00a0d\u00e9mit\u00a0\u00bb en f\u00e9vrier 2013, des latinistes \u00e9minents ont imm\u00e9diatement relev\u00e9 des erreurs et des imperfections de syntaxe, mais le pape Ratzinger affirma trois ans plus tard: \u00abJ\u2019ai \u00e9crit la Declaratio en latin pour ne pas commettre d\u2019erreurs\u00bb. Apr\u00e8s deux ans d\u2019enqu\u00eate, patiemment men\u00e9e par l\u2019auteur \u00e0 travers plus de 400 articles publi\u00e9s sur les journaux Libero, ByoBlu, RomaIT, ce gigantesque puzzle a \u00e9t\u00e9 lentement recompos\u00e9. Le sc\u00e9nario qui se dessine est choquant, d\u2019importance mill\u00e9naire, et n\u2019a pas \u00e9t\u00e9 d\u00e9menti m\u00eame par Sa Saintet\u00e9 Beno\u00eet XVI lui-m\u00eame. Un livre best-seller pour \u00e9clairer la Magna Quaestio qui r\u00e9volutionnera le monde.    <\/p>\n","protected":false},"featured_media":7481,"template":"","meta":{"_acf_changed":false},"tags":[284],"edizione":[277],"giorno":[294],"class_list":["post-11443","evento","type-evento","status-publish","has-post-thumbnail","hentry","tag-evento-2023","edizione-277","giorno-294"],"acf":[],"_links":{"self":[{"href":"https:\/\/www.neancheglidei.com\/fr\/wp-json\/wp\/v2\/evento\/11443","targetHints":{"allow":["GET"]}}],"collection":[{"href":"https:\/\/www.neancheglidei.com\/fr\/wp-json\/wp\/v2\/evento"}],"about":[{"href":"https:\/\/www.neancheglidei.com\/fr\/wp-json\/wp\/v2\/types\/evento"}],"version-history":[{"count":0,"href":"https:\/\/www.neancheglidei.com\/fr\/wp-json\/wp\/v2\/evento\/11443\/revisions"}],"wp:featuredmedia":[{"embeddable":true,"href":"https:\/\/www.neancheglidei.com\/fr\/wp-json\/wp\/v2\/media\/7481"}],"wp:attachment":[{"href":"https:\/\/www.neancheglidei.com\/fr\/wp-json\/wp\/v2\/media?parent=11443"}],"wp:term":[{"taxonomy":"post_tag","embeddable":true,"href":"https:\/\/www.neancheglidei.com\/fr\/wp-json\/wp\/v2\/tags?post=11443"},{"taxonomy":"edizione","embeddable":true,"href":"https:\/\/www.neancheglidei.com\/fr\/wp-json\/wp\/v2\/edizione?post=11443"},{"taxonomy":"giorno","embeddable":true,"href":"https:\/\/www.neancheglidei.com\/fr\/wp-json\/wp\/v2\/giorno?post=11443"}],"curies":[{"name":"wp","href":"https:\/\/api.w.org\/{rel}","templated":true}]}}