{"id":11442,"date":"2025-03-13T11:52:15","date_gmt":"2025-03-13T10:52:15","guid":{"rendered":"https:\/\/www.neancheglidei.com\/evento\/la-sardegna-oltre-al-mare\/"},"modified":"2025-03-13T11:52:15","modified_gmt":"2025-03-13T10:52:15","slug":"la-sardegna-oltre-al-mare","status":"publish","type":"evento","link":"https:\/\/www.neancheglidei.com\/fr\/evento\/la-sardegna-oltre-al-mare\/","title":{"rendered":"La Sardegna oltre al mare"},"content":{"rendered":"<p>Un voyage qui est un r\u00e9cit en images \u00e0 la recherche de ces lieux cach\u00e9s du patrimoine naturel, arch\u00e9ologique et historique qui attendent depuis toujours d\u2019\u00eatre valoris\u00e9s. Un livre photographique mais aussi une \u00e9tude approfondie que les auteurs diffusent depuis des ann\u00e9es avec passion et promeuvent sur les r\u00e9seaux sociaux. Beaut\u00e9s arch\u00e9ologiques, naturelles, sites miniers moins connus de l\u2019\u00eele, souvent \u00e9clips\u00e9s par la mise en avant de la mer sarde, pour une approche \u00ab\u00a0diff\u00e9rente\u00a0\u00bb et plus consciente du territoire.  <\/p>\n","protected":false},"featured_media":7485,"template":"","meta":{"_acf_changed":false},"tags":[284],"edizione":[277],"giorno":[286],"class_list":["post-11442","evento","type-evento","status-publish","has-post-thumbnail","hentry","tag-evento-2023","edizione-277","giorno-286"],"acf":[],"_links":{"self":[{"href":"https:\/\/www.neancheglidei.com\/fr\/wp-json\/wp\/v2\/evento\/11442","targetHints":{"allow":["GET"]}}],"collection":[{"href":"https:\/\/www.neancheglidei.com\/fr\/wp-json\/wp\/v2\/evento"}],"about":[{"href":"https:\/\/www.neancheglidei.com\/fr\/wp-json\/wp\/v2\/types\/evento"}],"version-history":[{"count":0,"href":"https:\/\/www.neancheglidei.com\/fr\/wp-json\/wp\/v2\/evento\/11442\/revisions"}],"wp:featuredmedia":[{"embeddable":true,"href":"https:\/\/www.neancheglidei.com\/fr\/wp-json\/wp\/v2\/media\/7485"}],"wp:attachment":[{"href":"https:\/\/www.neancheglidei.com\/fr\/wp-json\/wp\/v2\/media?parent=11442"}],"wp:term":[{"taxonomy":"post_tag","embeddable":true,"href":"https:\/\/www.neancheglidei.com\/fr\/wp-json\/wp\/v2\/tags?post=11442"},{"taxonomy":"edizione","embeddable":true,"href":"https:\/\/www.neancheglidei.com\/fr\/wp-json\/wp\/v2\/edizione?post=11442"},{"taxonomy":"giorno","embeddable":true,"href":"https:\/\/www.neancheglidei.com\/fr\/wp-json\/wp\/v2\/giorno?post=11442"}],"curies":[{"name":"wp","href":"https:\/\/api.w.org\/{rel}","templated":true}]}}