{"id":11441,"date":"2025-03-13T11:54:34","date_gmt":"2025-03-13T10:54:34","guid":{"rendered":"https:\/\/www.neancheglidei.com\/evento\/biolab\/"},"modified":"2025-03-13T11:54:34","modified_gmt":"2025-03-13T10:54:34","slug":"biolab","status":"publish","type":"evento","link":"https:\/\/www.neancheglidei.com\/fr\/evento\/biolab\/","title":{"rendered":"Biolab"},"content":{"rendered":"<p>Les biolabs sont particuli\u00e8rement d\u00e9velopp\u00e9s en Ukraine, un pays o\u00f9, \u00e0 partir de 2014, l\u2019appareil \u00e9tatique serait pratiquement au service des \u00c9tats-Unis. L\u2019Italie deviendrait \u00e9galement un port franc de l\u2019exp\u00e9rimentation sur les armes biologiques. Selon cette enqu\u00eate, notre pays s\u2019appr\u00eaterait lui aussi \u00e0 devenir un port franc de l\u2019exp\u00e9rimentation sur les armes biologiques. Cela serait attest\u00e9 par la cr\u00e9ation de deux biolaboratoires: l\u2019un \u00e0 Sigonella et l\u2019autre \u00e0 Trieste.   <\/p>\n","protected":false},"featured_media":7489,"template":"","meta":{"_acf_changed":false},"tags":[284],"edizione":[277],"giorno":[286],"class_list":["post-11441","evento","type-evento","status-publish","has-post-thumbnail","hentry","tag-evento-2023","edizione-277","giorno-286"],"acf":[],"_links":{"self":[{"href":"https:\/\/www.neancheglidei.com\/fr\/wp-json\/wp\/v2\/evento\/11441","targetHints":{"allow":["GET"]}}],"collection":[{"href":"https:\/\/www.neancheglidei.com\/fr\/wp-json\/wp\/v2\/evento"}],"about":[{"href":"https:\/\/www.neancheglidei.com\/fr\/wp-json\/wp\/v2\/types\/evento"}],"version-history":[{"count":0,"href":"https:\/\/www.neancheglidei.com\/fr\/wp-json\/wp\/v2\/evento\/11441\/revisions"}],"wp:featuredmedia":[{"embeddable":true,"href":"https:\/\/www.neancheglidei.com\/fr\/wp-json\/wp\/v2\/media\/7489"}],"wp:attachment":[{"href":"https:\/\/www.neancheglidei.com\/fr\/wp-json\/wp\/v2\/media?parent=11441"}],"wp:term":[{"taxonomy":"post_tag","embeddable":true,"href":"https:\/\/www.neancheglidei.com\/fr\/wp-json\/wp\/v2\/tags?post=11441"},{"taxonomy":"edizione","embeddable":true,"href":"https:\/\/www.neancheglidei.com\/fr\/wp-json\/wp\/v2\/edizione?post=11441"},{"taxonomy":"giorno","embeddable":true,"href":"https:\/\/www.neancheglidei.com\/fr\/wp-json\/wp\/v2\/giorno?post=11441"}],"curies":[{"name":"wp","href":"https:\/\/api.w.org\/{rel}","templated":true}]}}