{"id":11424,"date":"2025-04-17T09:27:54","date_gmt":"2025-04-17T07:27:54","guid":{"rendered":"https:\/\/www.neancheglidei.com\/evento\/white-light-black-moon\/"},"modified":"2025-04-17T09:27:54","modified_gmt":"2025-04-17T07:27:54","slug":"white-light-black-moon","status":"publish","type":"evento","link":"https:\/\/www.neancheglidei.com\/fr\/evento\/white-light-black-moon\/","title":{"rendered":"White Light \/ Black Moon"},"content":{"rendered":"<p>Un reading musical inspir\u00e9 du roman \u00e9ponyme de Davide Catinari, un spectacle o\u00f9 les mots et la musique se m\u00ealent pour cr\u00e9er un territoire \u00e9motionnel dans lequel lectures, chansons et \u00e9vocations visuelles d\u00e9clenchent un voyage \u00e0 travers les profondeurs de l\u2019\u00e2me, une terre interm\u00e9diaire invisible aux yeux, cach\u00e9e entre une lumi\u00e8re blanche et une lune noire. Sur sc\u00e8ne, aux c\u00f4t\u00e9s de l\u2019auteur, le trio compos\u00e9 de Samuele Dess\u00ec, Carlo Addaris et Mario Marino interpr\u00e9tera des morceaux issus du r\u00e9pertoire des Dorian Gray ainsi que d\u2019autres auteurs. <\/p>\n","protected":false},"featured_media":7824,"template":"","meta":{"_acf_changed":false},"tags":[284],"edizione":[277],"giorno":[290],"class_list":["post-11424","evento","type-evento","status-publish","has-post-thumbnail","hentry","tag-evento-2023","edizione-277","giorno-290"],"acf":[],"_links":{"self":[{"href":"https:\/\/www.neancheglidei.com\/fr\/wp-json\/wp\/v2\/evento\/11424","targetHints":{"allow":["GET"]}}],"collection":[{"href":"https:\/\/www.neancheglidei.com\/fr\/wp-json\/wp\/v2\/evento"}],"about":[{"href":"https:\/\/www.neancheglidei.com\/fr\/wp-json\/wp\/v2\/types\/evento"}],"version-history":[{"count":0,"href":"https:\/\/www.neancheglidei.com\/fr\/wp-json\/wp\/v2\/evento\/11424\/revisions"}],"wp:featuredmedia":[{"embeddable":true,"href":"https:\/\/www.neancheglidei.com\/fr\/wp-json\/wp\/v2\/media\/7824"}],"wp:attachment":[{"href":"https:\/\/www.neancheglidei.com\/fr\/wp-json\/wp\/v2\/media?parent=11424"}],"wp:term":[{"taxonomy":"post_tag","embeddable":true,"href":"https:\/\/www.neancheglidei.com\/fr\/wp-json\/wp\/v2\/tags?post=11424"},{"taxonomy":"edizione","embeddable":true,"href":"https:\/\/www.neancheglidei.com\/fr\/wp-json\/wp\/v2\/edizione?post=11424"},{"taxonomy":"giorno","embeddable":true,"href":"https:\/\/www.neancheglidei.com\/fr\/wp-json\/wp\/v2\/giorno?post=11424"}],"curies":[{"name":"wp","href":"https:\/\/api.w.org\/{rel}","templated":true}]}}